{"id":400,"date":"2026-01-15T18:26:33","date_gmt":"2026-01-15T18:26:33","guid":{"rendered":"https:\/\/die-villa.at\/?page_id=400"},"modified":"2026-01-22T15:28:26","modified_gmt":"2026-01-22T15:28:26","slug":"ferienhaus-umgebung","status":"publish","type":"page","link":"https:\/\/die-villa.at\/en\/ferienhaus-umgebung\/","title":{"rendered":"Ferienhaus Umgebung"},"content":{"rendered":"<div data-elementor-type=\"wp-page\" data-elementor-id=\"400\" class=\"elementor elementor-400\" data-elementor-post-type=\"page\">\n\t\t\t\t<div class=\"elementor-element elementor-element-f9f2cd9 e-flex e-con-boxed e-con e-parent\" data-id=\"f9f2cd9\" data-element_type=\"container\" data-e-type=\"container\" data-settings=\"{&quot;background_background&quot;:&quot;classic&quot;}\">\n\t\t\t\t\t<div class=\"e-con-inner\">\n\t\t\t\t<div class=\"elementor-element elementor-element-50423b9 elementor-pagination-position-inside elementor-skin-carousel elementor-arrows-yes elementor-pagination-type-bullets elementor-invisible elementor-widget elementor-widget-media-carousel\" data-id=\"50423b9\" data-element_type=\"widget\" data-e-type=\"widget\" data-settings=\"{&quot;effect&quot;:&quot;fade&quot;,&quot;_animation&quot;:&quot;fadeIn&quot;,&quot;skin&quot;:&quot;carousel&quot;,&quot;show_arrows&quot;:&quot;yes&quot;,&quot;pagination&quot;:&quot;bullets&quot;,&quot;speed&quot;:500,&quot;autoplay&quot;:&quot;yes&quot;,&quot;autoplay_speed&quot;:5000,&quot;loop&quot;:&quot;yes&quot;,&quot;pause_on_hover&quot;:&quot;yes&quot;,&quot;pause_on_interaction&quot;:&quot;yes&quot;,&quot;space_between&quot;:{&quot;unit&quot;:&quot;px&quot;,&quot;size&quot;:10,&quot;sizes&quot;:[]},&quot;space_between_tablet&quot;:{&quot;unit&quot;:&quot;px&quot;,&quot;size&quot;:10,&quot;sizes&quot;:[]},&quot;space_between_mobile&quot;:{&quot;unit&quot;:&quot;px&quot;,&quot;size&quot;:10,&quot;sizes&quot;:[]}}\" data-widget_type=\"media-carousel.default\">\n\t\t\t\t\t\t\t\t\t\t<div class=\"elementor-main-swiper swiper\" role=\"region\" aria-roledescription=\"carousel\" aria-label=\"Slides\">\n\t\t\t\t<div class=\"swiper-wrapper\">\n\t\t\t\t\t\t\t\t\t\t\t<div class=\"swiper-slide\" role=\"group\" aria-roledescription=\"slide\">\n\t\t\t\t\t\t\t\t\t<div class=\"elementor-carousel-image\" role=\"img\" aria-label=\"imgi_16_01\" style=\"background-image: url(&#039;https:\/\/die-villa.at\/wp-content\/uploads\/2026\/01\/imgi_16_01.jpg&#039;)\">\n\n\t\t\t\n\t\t\t\t\t<\/div>\n\t\t\t\t\t\t\t\t<\/div>\n\t\t\t\t\t\t\t\t\t\t\t<div class=\"swiper-slide\" role=\"group\" aria-roledescription=\"slide\">\n\t\t\t\t\t\t\t\t\t<div class=\"elementor-carousel-image\" role=\"img\" aria-label=\"imgi_17_02\" style=\"background-image: url(&#039;https:\/\/die-villa.at\/wp-content\/uploads\/2026\/01\/imgi_17_02.jpg&#039;)\">\n\n\t\t\t\n\t\t\t\t\t<\/div>\n\t\t\t\t\t\t\t\t<\/div>\n\t\t\t\t\t\t\t\t\t\t\t<div class=\"swiper-slide\" role=\"group\" aria-roledescription=\"slide\">\n\t\t\t\t\t\t\t\t\t<div class=\"elementor-carousel-image\" role=\"img\" aria-label=\"imgi_18_03\" style=\"background-image: url(&#039;https:\/\/die-villa.at\/wp-content\/uploads\/2026\/01\/imgi_18_03.jpg&#039;)\">\n\n\t\t\t\n\t\t\t\t\t<\/div>\n\t\t\t\t\t\t\t\t<\/div>\n\t\t\t\t\t\t\t\t\t\t\t<div class=\"swiper-slide\" role=\"group\" aria-roledescription=\"slide\">\n\t\t\t\t\t\t\t\t\t<div class=\"elementor-carousel-image\" role=\"img\" aria-label=\"imgi_19_04\" style=\"background-image: url(&#039;https:\/\/die-villa.at\/wp-content\/uploads\/2026\/01\/imgi_19_04.jpg&#039;)\">\n\n\t\t\t\n\t\t\t\t\t<\/div>\n\t\t\t\t\t\t\t\t<\/div>\n\t\t\t\t\t\t\t\t\t<\/div>\n\t\t\t\t\t\t\t\t\t\t\t\t\t\t\t<div class=\"elementor-swiper-button elementor-swiper-button-prev\" role=\"button\" tabindex=\"0\" aria-label=\"Previous\" data-no-translation-aria-label=\"\">\n\t\t\t\t\t\t\t<svg aria-hidden=\"true\" class=\"e-font-icon-svg e-eicon-chevron-left\" viewbox=\"0 0 1000 1000\" xmlns=\"http:\/\/www.w3.org\/2000\/svg\"><path d=\"M646 125C629 125 613 133 604 142L308 442C296 454 292 471 292 487 292 504 296 521 308 533L604 854C617 867 629 875 646 875 663 875 679 871 692 858 704 846 713 829 713 812 713 796 708 779 692 767L438 487 692 225C700 217 708 204 708 187 708 171 704 154 692 142 675 129 663 125 646 125Z\"><\/path><\/svg>\t\t\t\t\t\t<\/div>\n\t\t\t\t\t\t<div class=\"elementor-swiper-button elementor-swiper-button-next\" role=\"button\" tabindex=\"0\" aria-label=\"Next\" data-no-translation-aria-label=\"\">\n\t\t\t\t\t\t\t<svg aria-hidden=\"true\" class=\"e-font-icon-svg e-eicon-chevron-right\" viewbox=\"0 0 1000 1000\" xmlns=\"http:\/\/www.w3.org\/2000\/svg\"><path d=\"M696 533C708 521 713 504 713 487 713 471 708 454 696 446L400 146C388 133 375 125 354 125 338 125 325 129 313 142 300 154 292 171 292 187 292 204 296 221 308 233L563 492 304 771C292 783 288 800 288 817 288 833 296 850 308 863 321 871 338 875 354 875 371 875 388 867 400 854L696 533Z\"><\/path><\/svg>\t\t\t\t\t\t<\/div>\n\t\t\t\t\t\t\t\t\t\t\t\t\t\t\t\t<div class=\"swiper-pagination\"><\/div>\n\t\t\t\t\t\t\t\t\t\t\t\t<\/div>\n\t\t\t\t\t\t\t\t<\/div>\n\t\t\t\t\t<\/div>\n\t\t\t\t<\/div>\n\t\t<div class=\"elementor-element elementor-element-a82916c e-flex e-con-boxed e-con e-parent\" data-id=\"a82916c\" data-element_type=\"container\" data-e-type=\"container\">\n\t\t\t\t\t<div class=\"e-con-inner\">\n\t\t<div class=\"elementor-element elementor-element-4c8f202 e-con-full elementor-hidden-mobile e-flex e-con e-child\" data-id=\"4c8f202\" data-element_type=\"container\" data-e-type=\"container\">\n\t\t\t\t<div class=\"elementor-element elementor-element-2c89700 elementor-hidden-mobile elementor-widget elementor-widget-template\" data-id=\"2c89700\" data-element_type=\"widget\" data-e-type=\"widget\" data-widget_type=\"template.default\">\n\t\t\t\t<div class=\"elementor-widget-container\">\n\t\t\t\t\t\t\t<div class=\"elementor-template\">\n\t\t\t\t\t<div data-elementor-type=\"section\" data-elementor-id=\"607\" class=\"elementor elementor-607\" data-elementor-post-type=\"elementor_library\">\n\t\t\t<div class=\"elementor-element elementor-element-6ff4155 e-con-full e-flex e-con e-child\" data-id=\"6ff4155\" data-element_type=\"container\" data-e-type=\"container\">\n\t\t\t\t<div class=\"elementor-element elementor-element-fac6851 elementor-widget elementor-widget-heading\" data-id=\"fac6851\" data-element_type=\"widget\" data-e-type=\"widget\" data-widget_type=\"heading.default\">\n\t\t\t\t\t<h2 class=\"elementor-heading-title elementor-size-default\">Dates (Theater)\n<\/h2>\t\t\t\t<\/div>\n\t\t\t\t<div class=\"elementor-element elementor-element-36ddcca elementor-icon-list--layout-traditional elementor-list-item-link-full_width elementor-widget elementor-widget-icon-list\" data-id=\"36ddcca\" data-element_type=\"widget\" data-e-type=\"widget\" data-widget_type=\"icon-list.default\">\n\t\t\t\t\t\t\t<ul class=\"elementor-icon-list-items\">\n\t\t\t\t\t\t\t<li class=\"elementor-icon-list-item\">\n\t\t\t\t\t\t\t\t\t\t\t<span class=\"elementor-icon-list-icon\">\n\t\t\t\t\t\t\t<svg aria-hidden=\"true\" class=\"e-font-icon-svg e-fas-chevron-right\" viewbox=\"0 0 320 512\" xmlns=\"http:\/\/www.w3.org\/2000\/svg\"><path d=\"M285.476 272.971L91.132 467.314c-9.373 9.373-24.569 9.373-33.941 0l-22.667-22.667c-9.357-9.357-9.375-24.522-.04-33.901L188.505 256 34.484 101.255c-9.335-9.379-9.317-24.544.04-33.901l22.667-22.667c9.373-9.373 24.569-9.373 33.941 0L285.475 239.03c9.373 9.372 9.373 24.568.001 33.941z\"><\/path><\/svg>\t\t\t\t\t\t<\/span>\n\t\t\t\t\t\t\t\t\t\t<span class=\"elementor-icon-list-text\">Terror - Staircase Theater<\/span>\n\t\t\t\t\t\t\t\t\t<\/li>\n\t\t\t\t\t\t<\/ul>\n\t\t\t\t\t\t<\/div>\n\t\t\t\t<div class=\"elementor-element elementor-element-17bc3a3 elementor-widget elementor-widget-text-editor\" data-id=\"17bc3a3\" data-element_type=\"widget\" data-e-type=\"widget\" data-widget_type=\"text-editor.default\">\n\t\t\t\t\t\t\t\t\t<p>Friday, March 01, 2024<br \/>Saturday, March 02, 2024<br \/>Friday, March 08, 2024<br \/>Saturday, March 09, 2024<br \/>Sunday, March 10, 2024<\/p>\t\t\t\t\t\t\t\t<\/div>\n\t\t\t\t<div class=\"elementor-element elementor-element-46acf69 elementor-icon-list--layout-traditional elementor-list-item-link-full_width elementor-widget elementor-widget-icon-list\" data-id=\"46acf69\" data-element_type=\"widget\" data-e-type=\"widget\" data-widget_type=\"icon-list.default\">\n\t\t\t\t\t\t\t<ul class=\"elementor-icon-list-items\">\n\t\t\t\t\t\t\t<li class=\"elementor-icon-list-item\">\n\t\t\t\t\t\t\t\t\t\t\t<a href=\"https:\/\/die-villa.at\/en\/konzerte-termine\/\">\n\n\t\t\t\t\t\t\t\t\t\t\t\t<span class=\"elementor-icon-list-icon\">\n\t\t\t\t\t\t\t<svg aria-hidden=\"true\" class=\"e-font-icon-svg e-fas-chevron-right\" viewbox=\"0 0 320 512\" xmlns=\"http:\/\/www.w3.org\/2000\/svg\"><path d=\"M285.476 272.971L91.132 467.314c-9.373 9.373-24.569 9.373-33.941 0l-22.667-22.667c-9.357-9.357-9.375-24.522-.04-33.901L188.505 256 34.484 101.255c-9.335-9.379-9.317-24.544.04-33.901l22.667-22.667c9.373-9.373 24.569-9.373 33.941 0L285.475 239.03c9.373 9.372 9.373 24.568.001 33.941z\"><\/path><\/svg>\t\t\t\t\t\t<\/span>\n\t\t\t\t\t\t\t\t\t\t<span class=\"elementor-icon-list-text\">more...<\/span>\n\t\t\t\t\t\t\t\t\t\t\t<\/a>\n\t\t\t\t\t\t\t\t\t<\/li>\n\t\t\t\t\t\t<\/ul>\n\t\t\t\t\t\t<\/div>\n\t\t\t\t<\/div>\n\t\t\t\t<\/div>\n\t\t\t\t<\/div>\n\t\t\t\t\t\t<\/div>\n\t\t\t\t<\/div>\n\t\t\t\t<\/div>\n\t\t<div class=\"elementor-element elementor-element-c1e4c62 e-con-full e-flex e-con e-child\" data-id=\"c1e4c62\" data-element_type=\"container\" data-e-type=\"container\">\n\t\t\t\t<div class=\"elementor-element elementor-element-7cd2269 elementor-widget elementor-widget-heading\" data-id=\"7cd2269\" data-element_type=\"widget\" data-e-type=\"widget\" data-widget_type=\"heading.default\">\n\t\t\t\t\t<h2 class=\"elementor-heading-title elementor-size-default\">Surroundings\n<\/h2>\t\t\t\t<\/div>\n\t\t\t\t<div class=\"elementor-element elementor-element-1aa6394 elementor-widget elementor-widget-text-editor\" data-id=\"1aa6394\" data-element_type=\"widget\" data-e-type=\"widget\" data-widget_type=\"text-editor.default\">\n\t\t\t\t\t\t\t\t\t<p>In traumhafter Umgebung, gelegen am Naturschutzgebiet &#8220;Tiroler Lech&#8221;, befindet sich der Ort &#8220;Pinswang&#8221; in Tirol. Die einmalige Lage im Grenzgebiet zu F\u00fcssen und Pfronten auf deutscher Seite und Reutte, Tannheimertal, Lechtal auf \u00f6sterreichischer Seite l\u00e4dt zu vielen Freizeitaktivit\u00e4ten ein. Vom Erlebnisurlaub in den Tiroler Bergen, Natururlaub an den Lechauen, Aktivurlaub im Sommer und Winter oder einfach Erholungsurlaub in den Alpen, ist in unserer Ferienregion f\u00fcr jeden Geschmack etwas dabei.<\/p><p>\u00a0<\/p><p>Nachfolgend haben wir einige m\u00f6gliche Freizeitaktivit\u00e4ten und Attraktionen f\u00fcr Sie zusammengestellt. Mit der\u00a0<a title=\"AktivCard\" href=\"https:\/\/www.reutte.com\/aktivcard\" target=\"_blank\" rel=\"noopener nofollow\">AktivCard<\/a>, die Urlauber der Naturparkregion Reutte im Gegenzug zur Kurtaxe erhalten, sind einige Attraktionen verg\u00fcnstigt.<\/p>\t\t\t\t\t\t\t\t<\/div>\n\t\t\t\t<div class=\"elementor-element elementor-element-8954347 elementor-widget elementor-widget-heading\" data-id=\"8954347\" data-element_type=\"widget\" data-e-type=\"widget\" data-widget_type=\"heading.default\">\n\t\t\t\t\t<h2 class=\"elementor-heading-title elementor-size-default\">Sehensw\u00fcrdigkeiten:\n<\/h2>\t\t\t\t<\/div>\n\t\t<div class=\"elementor-element elementor-element-3846286 e-con-full e-flex e-con e-child\" data-id=\"3846286\" data-element_type=\"container\" data-e-type=\"container\">\n\t\t\t\t<div class=\"elementor-element elementor-element-9d78ea6 elementor-widget__width-initial elementor-widget-mobile__width-inherit elementor-widget elementor-widget-image\" data-id=\"9d78ea6\" data-element_type=\"widget\" data-e-type=\"widget\" data-widget_type=\"image.default\">\n\t\t\t\t\t\t\t\t\t\t\t\t\t\t\t<img fetchpriority=\"high\" decoding=\"async\" width=\"800\" height=\"560\" src=\"https:\/\/die-villa.at\/wp-content\/uploads\/2026\/01\/03.jpg\" class=\"attachment-large size-large wp-image-418\" alt=\"\" srcset=\"https:\/\/die-villa.at\/wp-content\/uploads\/2026\/01\/03.jpg 900w, https:\/\/die-villa.at\/wp-content\/uploads\/2026\/01\/03-300x210.jpg 300w, https:\/\/die-villa.at\/wp-content\/uploads\/2026\/01\/03-768x538.jpg 768w\" sizes=\"(max-width: 800px) 100vw, 800px\" \/>\t\t\t\t\t\t\t\t\t\t\t\t\t\t\t<\/div>\n\t\t\t\t<div class=\"elementor-element elementor-element-1ee22b1 elementor-widget__width-initial elementor-widget-mobile__width-inherit elementor-widget elementor-widget-image-box\" data-id=\"1ee22b1\" data-element_type=\"widget\" data-e-type=\"widget\" data-widget_type=\"image-box.default\">\n\t\t\t\t\t<div class=\"elementor-image-box-wrapper\"><div class=\"elementor-image-box-content\"><div class=\"elementor-image-box-title\">Schloss Neuschwanstein<\/div><p class=\"elementor-image-box-description\">Das wohl bekannteste Schloss der Welt, gebaut von K\u00f6nig Ludwig II im Jahr 1869, befindet sich nur ca. 8 km von unserem Ferienhaus entfernt. In wenigen Autominuten erreichbar, k\u00f6nnen Sie das Schloss besichtigen. Wir empfehlen eine Schlossf\u00fchrung, die in verschiedenen Sprachen angeboten wird. Link\n\n<\/p><\/div><\/div>\t\t\t\t<\/div>\n\t\t\t\t<\/div>\n\t\t<div class=\"elementor-element elementor-element-6437726 e-con-full e-flex e-con e-child\" data-id=\"6437726\" data-element_type=\"container\" data-e-type=\"container\">\n\t\t\t\t<div class=\"elementor-element elementor-element-1d4e819 elementor-widget__width-initial elementor-widget-mobile__width-inherit elementor-widget elementor-widget-image\" data-id=\"1d4e819\" data-element_type=\"widget\" data-e-type=\"widget\" data-widget_type=\"image.default\">\n\t\t\t\t\t\t\t\t\t\t\t\t\t\t\t<img decoding=\"async\" width=\"800\" height=\"560\" src=\"https:\/\/die-villa.at\/wp-content\/uploads\/2026\/01\/10.jpg\" class=\"attachment-large size-large wp-image-431\" alt=\"\" srcset=\"https:\/\/die-villa.at\/wp-content\/uploads\/2026\/01\/10.jpg 900w, https:\/\/die-villa.at\/wp-content\/uploads\/2026\/01\/10-300x210.jpg 300w, https:\/\/die-villa.at\/wp-content\/uploads\/2026\/01\/10-768x538.jpg 768w\" sizes=\"(max-width: 800px) 100vw, 800px\" \/>\t\t\t\t\t\t\t\t\t\t\t\t\t\t\t<\/div>\n\t\t\t\t<div class=\"elementor-element elementor-element-4bf4426 elementor-widget__width-initial elementor-widget-mobile__width-inherit elementor-widget elementor-widget-image-box\" data-id=\"4bf4426\" data-element_type=\"widget\" data-e-type=\"widget\" data-widget_type=\"image-box.default\">\n\t\t\t\t\t<div class=\"elementor-image-box-wrapper\"><div class=\"elementor-image-box-content\"><div class=\"elementor-image-box-title\">Burgenwelt Ehrenberg<\/div><p class=\"elementor-image-box-description\">Das Festungsensemble Ehrenberg besteht aus 4 unterschiedlichen Anlagen und ist nur ca. 14 km von unserem Ferienhaus entfernt. Die alten Gem\u00e4uer verbinden das Mittelalter mit dem 21. Jahrhundert. Wir empfehlen das Museum \"Dem Ritter auf der Spur\", in dem die Bedingungen des Mittelalters realistisch dargestellt werden. Mit der AktivCard ist der Eintritt gratis. Das Highlight des Jahres sind die Ritterspiele \"Ehrenberg - Die Zeitreise\". Link\n\n<\/p><\/div><\/div>\t\t\t\t<\/div>\n\t\t\t\t<\/div>\n\t\t<div class=\"elementor-element elementor-element-36bbe4a e-con-full e-flex e-con e-child\" data-id=\"36bbe4a\" data-element_type=\"container\" data-e-type=\"container\">\n\t\t\t\t<div class=\"elementor-element elementor-element-9b0bb39 elementor-widget__width-initial elementor-widget-mobile__width-inherit elementor-widget elementor-widget-image\" data-id=\"9b0bb39\" data-element_type=\"widget\" data-e-type=\"widget\" data-widget_type=\"image.default\">\n\t\t\t\t\t\t\t\t\t\t\t\t\t\t\t<img decoding=\"async\" width=\"800\" height=\"560\" src=\"https:\/\/die-villa.at\/wp-content\/uploads\/2026\/01\/11.jpg\" class=\"attachment-large size-large wp-image-432\" alt=\"\" srcset=\"https:\/\/die-villa.at\/wp-content\/uploads\/2026\/01\/11.jpg 900w, https:\/\/die-villa.at\/wp-content\/uploads\/2026\/01\/11-300x210.jpg 300w, https:\/\/die-villa.at\/wp-content\/uploads\/2026\/01\/11-768x538.jpg 768w\" sizes=\"(max-width: 800px) 100vw, 800px\" \/>\t\t\t\t\t\t\t\t\t\t\t\t\t\t\t<\/div>\n\t\t\t\t<div class=\"elementor-element elementor-element-489673c elementor-widget__width-initial elementor-widget-mobile__width-inherit elementor-widget elementor-widget-image-box\" data-id=\"489673c\" data-element_type=\"widget\" data-e-type=\"widget\" data-widget_type=\"image-box.default\">\n\t\t\t\t\t<div class=\"elementor-image-box-wrapper\"><div class=\"elementor-image-box-content\"><div class=\"elementor-image-box-title\">Europas l\u00e4ngste H\u00e4ngebr\u00fccke<\/div><p class=\"elementor-image-box-description\">Das gigantische Projekt der Fu\u00dfg\u00e4ngerh\u00e4ngebr\u00fccke \"Highline179\" in Ehrenberg bei Reutte mit ca. 406m L\u00e4nge, verbindet die Ruine Ehrenberg mit dem Fort Claudia. Die Tickets f\u00fcr die Besichtigung erhalten Sie am Infocounter in Reutte oder direkt beim Bru\u00cc\u02c6ckenportal via Ticketautomaten. Link\n\n<\/p><\/div><\/div>\t\t\t\t<\/div>\n\t\t\t\t<\/div>\n\t\t\t\t<div class=\"elementor-element elementor-element-b990982 elementor-widget elementor-widget-heading\" data-id=\"b990982\" data-element_type=\"widget\" data-e-type=\"widget\" data-widget_type=\"heading.default\">\n\t\t\t\t\t<h2 class=\"elementor-heading-title elementor-size-default\">Skigebiete:\n<\/h2>\t\t\t\t<\/div>\n\t\t<div class=\"elementor-element elementor-element-2a8c3b3 e-con-full e-flex e-con e-child\" data-id=\"2a8c3b3\" data-element_type=\"container\" data-e-type=\"container\">\n\t\t\t\t<div class=\"elementor-element elementor-element-03e8be8 elementor-widget__width-initial elementor-widget-mobile__width-inherit elementor-widget elementor-widget-image\" data-id=\"03e8be8\" data-element_type=\"widget\" data-e-type=\"widget\" data-widget_type=\"image.default\">\n\t\t\t\t\t\t\t\t\t\t\t\t\t\t\t<img loading=\"lazy\" decoding=\"async\" width=\"800\" height=\"560\" src=\"https:\/\/die-villa.at\/wp-content\/uploads\/2026\/01\/12-1.jpg\" class=\"attachment-large size-large wp-image-436\" alt=\"\" srcset=\"https:\/\/die-villa.at\/wp-content\/uploads\/2026\/01\/12-1.jpg 900w, https:\/\/die-villa.at\/wp-content\/uploads\/2026\/01\/12-1-300x210.jpg 300w, https:\/\/die-villa.at\/wp-content\/uploads\/2026\/01\/12-1-768x538.jpg 768w\" sizes=\"(max-width: 800px) 100vw, 800px\" \/>\t\t\t\t\t\t\t\t\t\t\t\t\t\t\t<\/div>\n\t\t\t\t<div class=\"elementor-element elementor-element-544490f elementor-widget__width-initial elementor-widget-mobile__width-inherit elementor-widget elementor-widget-image-box\" data-id=\"544490f\" data-element_type=\"widget\" data-e-type=\"widget\" data-widget_type=\"image-box.default\">\n\t\t\t\t\t<div class=\"elementor-image-box-wrapper\"><div class=\"elementor-image-box-content\"><div class=\"elementor-image-box-title\">Skigebiet Hahnenkamm H\u00f6fen<\/div><p class=\"elementor-image-box-description\">Mit der Hahnenkammbahn H\u00f6fen kommt man ins H\u00f6henskigebiet H\u00f6fener Alm. Hier stehen zudem eine kuppelbare 4er Sesselbahn und ein H\u00f6henschlepplift zur Verf\u00fcgung. Die Zwischenstation der Hahnenkammbahn H\u00f6fen bietet auch f\u00fcr nicht Ge\u00fcbte Skispa\u00df im H\u00f6henskigebiet. Im Tal befindet sich der Schollenwiesenlift und der Schollenwiesen-\u00dcbungslift. Link<\/p><\/div><\/div>\t\t\t\t<\/div>\n\t\t\t\t<\/div>\n\t\t<div class=\"elementor-element elementor-element-bb227fd e-con-full e-flex e-con e-child\" data-id=\"bb227fd\" data-element_type=\"container\" data-e-type=\"container\">\n\t\t\t\t<div class=\"elementor-element elementor-element-ae7cb35 elementor-widget__width-initial elementor-widget-mobile__width-inherit elementor-widget elementor-widget-image\" data-id=\"ae7cb35\" data-element_type=\"widget\" data-e-type=\"widget\" data-widget_type=\"image.default\">\n\t\t\t\t\t\t\t\t\t\t\t\t\t\t\t<img loading=\"lazy\" decoding=\"async\" width=\"800\" height=\"560\" src=\"https:\/\/die-villa.at\/wp-content\/uploads\/2026\/01\/13.jpg\" class=\"attachment-large size-large wp-image-437\" alt=\"\" srcset=\"https:\/\/die-villa.at\/wp-content\/uploads\/2026\/01\/13.jpg 900w, https:\/\/die-villa.at\/wp-content\/uploads\/2026\/01\/13-300x210.jpg 300w, https:\/\/die-villa.at\/wp-content\/uploads\/2026\/01\/13-768x538.jpg 768w\" sizes=\"(max-width: 800px) 100vw, 800px\" \/>\t\t\t\t\t\t\t\t\t\t\t\t\t\t\t<\/div>\n\t\t\t\t<div class=\"elementor-element elementor-element-ec6edbf elementor-widget__width-initial elementor-widget-mobile__width-inherit elementor-widget elementor-widget-image-box\" data-id=\"ec6edbf\" data-element_type=\"widget\" data-e-type=\"widget\" data-widget_type=\"image-box.default\">\n\t\t\t\t\t<div class=\"elementor-image-box-wrapper\"><div class=\"elementor-image-box-content\"><div class=\"elementor-image-box-title\">Skigebiet Tannheimer Tal<\/div><p class=\"elementor-image-box-description\">Schnee und Eis inmitten von Berg und Fels. Die Zugspitze ist ein Skigebiet der Superlative. Wenn das Tal in winterlichen Nebel geh\u00fcllt ist, scheint ganz oben in 3000 Meter H\u00f6he die Sonne. 20 Pistenkilometer versprechen Ski- und Snowboardvergn\u00fcgen, sowie in der Regel sieben Monate Schneesicherheit. Link\n\n<\/p><\/div><\/div>\t\t\t\t<\/div>\n\t\t\t\t<\/div>\n\t\t<div class=\"elementor-element elementor-element-7bcb230 e-con-full e-flex e-con e-child\" data-id=\"7bcb230\" data-element_type=\"container\" data-e-type=\"container\">\n\t\t\t\t<div class=\"elementor-element elementor-element-2c656cb elementor-widget__width-initial elementor-widget-mobile__width-inherit elementor-widget elementor-widget-image\" data-id=\"2c656cb\" data-element_type=\"widget\" data-e-type=\"widget\" data-widget_type=\"image.default\">\n\t\t\t\t\t\t\t\t\t\t\t\t\t\t\t<img loading=\"lazy\" decoding=\"async\" width=\"800\" height=\"560\" src=\"https:\/\/die-villa.at\/wp-content\/uploads\/2026\/01\/14.jpg\" class=\"attachment-large size-large wp-image-441\" alt=\"\" srcset=\"https:\/\/die-villa.at\/wp-content\/uploads\/2026\/01\/14.jpg 900w, https:\/\/die-villa.at\/wp-content\/uploads\/2026\/01\/14-300x210.jpg 300w, https:\/\/die-villa.at\/wp-content\/uploads\/2026\/01\/14-768x538.jpg 768w\" sizes=\"(max-width: 800px) 100vw, 800px\" \/>\t\t\t\t\t\t\t\t\t\t\t\t\t\t\t<\/div>\n\t\t\t\t<div class=\"elementor-element elementor-element-4ef2f83 elementor-widget__width-initial elementor-widget-mobile__width-inherit elementor-widget elementor-widget-image-box\" data-id=\"4ef2f83\" data-element_type=\"widget\" data-e-type=\"widget\" data-widget_type=\"image-box.default\">\n\t\t\t\t\t<div class=\"elementor-image-box-wrapper\"><div class=\"elementor-image-box-content\"><div class=\"elementor-image-box-title\">Skigebiet Zugspitze<\/div><p class=\"elementor-image-box-description\">Schnee und Eis inmitten von Berg und Fels. Die Zugspitze ist ein Skigebiet der Superlative. Wenn das Tal in winterlichen Nebel geh\u00fcllt ist, scheint ganz oben in 3000 Meter H\u00f6he die Sonne. 20 Pistenkilometer versprechen Ski- und Snowboardvergn\u00fcgen, sowie in der Regel sieben Monate Schneesicherheit. Link\n\n<\/p><\/div><\/div>\t\t\t\t<\/div>\n\t\t\t\t<\/div>\n\t\t\t\t<div class=\"elementor-element elementor-element-5be4783 elementor-widget elementor-widget-heading\" data-id=\"5be4783\" data-element_type=\"widget\" data-e-type=\"widget\" data-widget_type=\"heading.default\">\n\t\t\t\t\t<h2 class=\"elementor-heading-title elementor-size-default\">Freizeitaktivit\u00e4ten:\n<\/h2>\t\t\t\t<\/div>\n\t\t<div class=\"elementor-element elementor-element-1d25449 e-con-full e-flex e-con e-child\" data-id=\"1d25449\" data-element_type=\"container\" data-e-type=\"container\">\n\t\t\t\t<div class=\"elementor-element elementor-element-23b2d49 elementor-widget__width-initial elementor-widget-mobile__width-inherit elementor-widget elementor-widget-image\" data-id=\"23b2d49\" data-element_type=\"widget\" data-e-type=\"widget\" data-widget_type=\"image.default\">\n\t\t\t\t\t\t\t\t\t\t\t\t\t\t\t<img loading=\"lazy\" decoding=\"async\" width=\"800\" height=\"560\" src=\"https:\/\/die-villa.at\/wp-content\/uploads\/2026\/01\/07.jpg\" class=\"attachment-large size-large wp-image-442\" alt=\"\" srcset=\"https:\/\/die-villa.at\/wp-content\/uploads\/2026\/01\/07.jpg 900w, https:\/\/die-villa.at\/wp-content\/uploads\/2026\/01\/07-300x210.jpg 300w, https:\/\/die-villa.at\/wp-content\/uploads\/2026\/01\/07-768x538.jpg 768w\" sizes=\"(max-width: 800px) 100vw, 800px\" \/>\t\t\t\t\t\t\t\t\t\t\t\t\t\t\t<\/div>\n\t\t\t\t<div class=\"elementor-element elementor-element-5d3c56c elementor-widget__width-initial elementor-widget-mobile__width-inherit elementor-widget elementor-widget-image-box\" data-id=\"5d3c56c\" data-element_type=\"widget\" data-e-type=\"widget\" data-widget_type=\"image-box.default\">\n\t\t\t\t\t<div class=\"elementor-image-box-wrapper\"><div class=\"elementor-image-box-content\"><div class=\"elementor-image-box-title\">Waldseilgarten H\u00f6llschlucht<\/div><p class=\"elementor-image-box-description\">Im Zentrum f\u00fcr Sport, Spiel und Spa\u00df in Pfronten im Allg\u00e4u erwarten Sie vielf\u00e4ltige Aktivit\u00e4ten. Von klettern in die Baumwipfel, 3D-Bogenschie\u00dfen \u00fcber Slacklinen finden Sie dort eine breitgef\u00e4cherte Palette von Unternehmungen. F\u00fcr Gruppen k\u00f6nnen auf Anfrage ma\u00dfgeschneiderte Programme f\u00fcr bleibende Erlebnisse gestaltet werden. Link\n\n<\/p><\/div><\/div>\t\t\t\t<\/div>\n\t\t\t\t<\/div>\n\t\t<div class=\"elementor-element elementor-element-b1bf844 e-con-full e-flex e-con e-child\" data-id=\"b1bf844\" data-element_type=\"container\" data-e-type=\"container\">\n\t\t\t\t<div class=\"elementor-element elementor-element-4ef6c57 elementor-widget__width-initial elementor-widget-mobile__width-inherit elementor-widget elementor-widget-image\" data-id=\"4ef6c57\" data-element_type=\"widget\" data-e-type=\"widget\" data-widget_type=\"image.default\">\n\t\t\t\t\t\t\t\t\t\t\t\t\t\t\t<img loading=\"lazy\" decoding=\"async\" width=\"800\" height=\"560\" src=\"https:\/\/die-villa.at\/wp-content\/uploads\/2026\/01\/08.jpg\" class=\"attachment-large size-large wp-image-443\" alt=\"\" srcset=\"https:\/\/die-villa.at\/wp-content\/uploads\/2026\/01\/08.jpg 900w, https:\/\/die-villa.at\/wp-content\/uploads\/2026\/01\/08-300x210.jpg 300w, https:\/\/die-villa.at\/wp-content\/uploads\/2026\/01\/08-768x538.jpg 768w\" sizes=\"(max-width: 800px) 100vw, 800px\" \/>\t\t\t\t\t\t\t\t\t\t\t\t\t\t\t<\/div>\n\t\t\t\t<div class=\"elementor-element elementor-element-c8a8f46 elementor-widget__width-initial elementor-widget-mobile__width-inherit elementor-widget elementor-widget-image-box\" data-id=\"c8a8f46\" data-element_type=\"widget\" data-e-type=\"widget\" data-widget_type=\"image-box.default\">\n\t\t\t\t\t<div class=\"elementor-image-box-wrapper\"><div class=\"elementor-image-box-content\"><div class=\"elementor-image-box-title\">Walderlebniszentrum Ziegelwies<\/div><p class=\"elementor-image-box-description\">Zwischen Ziegelwies in F\u00fcssen und Pinswang verbinden die Naturerlebnispfade Tirol und Bayern. Der 2013 er\u00f6ffnete Baumkronenweg mit 480m L\u00e4nge und 21m H\u00f6he ist ein besonderes Highlight. Dank der Lage und H\u00f6he des Pfades sind spektakul\u00e4re Ausblicke in die Wildflusslandschaft des Lechs und ins Gebirge m\u00f6glich. Das Walderlebniszentrum ist nur ca. 3 Kilometer von unserem Ferienhaus entfernt. Link\n\n<\/p><\/div><\/div>\t\t\t\t<\/div>\n\t\t\t\t<\/div>\n\t\t<div class=\"elementor-element elementor-element-150e846 e-con-full e-flex e-con e-child\" data-id=\"150e846\" data-element_type=\"container\" data-e-type=\"container\">\n\t\t\t\t<div class=\"elementor-element elementor-element-e051f8b elementor-widget__width-initial elementor-widget-mobile__width-inherit elementor-widget elementor-widget-image\" data-id=\"e051f8b\" data-element_type=\"widget\" data-e-type=\"widget\" data-widget_type=\"image.default\">\n\t\t\t\t\t\t\t\t\t\t\t\t\t\t\t<img loading=\"lazy\" decoding=\"async\" width=\"800\" height=\"560\" src=\"https:\/\/die-villa.at\/wp-content\/uploads\/2026\/01\/09.jpg\" class=\"attachment-large size-large wp-image-444\" alt=\"\" srcset=\"https:\/\/die-villa.at\/wp-content\/uploads\/2026\/01\/09.jpg 900w, https:\/\/die-villa.at\/wp-content\/uploads\/2026\/01\/09-300x210.jpg 300w, https:\/\/die-villa.at\/wp-content\/uploads\/2026\/01\/09-768x538.jpg 768w\" sizes=\"(max-width: 800px) 100vw, 800px\" \/>\t\t\t\t\t\t\t\t\t\t\t\t\t\t\t<\/div>\n\t\t\t\t<div class=\"elementor-element elementor-element-b2caee8 elementor-widget__width-initial elementor-widget-mobile__width-inherit elementor-widget elementor-widget-image-box\" data-id=\"b2caee8\" data-element_type=\"widget\" data-e-type=\"widget\" data-widget_type=\"image-box.default\">\n\t\t\t\t\t<div class=\"elementor-image-box-wrapper\"><div class=\"elementor-image-box-content\"><div class=\"elementor-image-box-title\">Alpentherme Ehrenberg<\/div><p class=\"elementor-image-box-description\">Die 2011 er\u00f6ffnete Alpentherme in Reutte bietet Badespa\u00df, ein Saunaparadies und Wellnessangebote. Zur Erholung k\u00f6nnen G\u00e4ste unseres Ferienhauses mit der AktivCard an jedem Urlaubstag zum erm\u00e4\u00dfigtem Tarif den Bade- und Saunabereich nutzen. Die Therme ist nur ca. 14 Kilometer von unserem Ferienhaus entfernt. Link\n\n<\/p><\/div><\/div>\t\t\t\t<\/div>\n\t\t\t\t<\/div>\n\t\t\t\t<div class=\"elementor-element elementor-element-521eac6 elementor-widget elementor-widget-heading\" data-id=\"521eac6\" data-element_type=\"widget\" data-e-type=\"widget\" data-widget_type=\"heading.default\">\n\t\t\t\t\t<h2 class=\"elementor-heading-title elementor-size-default\">Seen:\n<\/h2>\t\t\t\t<\/div>\n\t\t<div class=\"elementor-element elementor-element-44cd537 e-con-full e-flex e-con e-child\" data-id=\"44cd537\" data-element_type=\"container\" data-e-type=\"container\">\n\t\t\t\t<div class=\"elementor-element elementor-element-32fc1e7 elementor-widget__width-initial elementor-widget-mobile__width-inherit elementor-widget elementor-widget-image\" data-id=\"32fc1e7\" data-element_type=\"widget\" data-e-type=\"widget\" data-widget_type=\"image.default\">\n\t\t\t\t\t\t\t\t\t\t\t\t\t\t\t<img loading=\"lazy\" decoding=\"async\" width=\"800\" height=\"560\" src=\"https:\/\/die-villa.at\/wp-content\/uploads\/2026\/01\/04.jpg\" class=\"attachment-large size-large wp-image-448\" alt=\"\" srcset=\"https:\/\/die-villa.at\/wp-content\/uploads\/2026\/01\/04.jpg 900w, https:\/\/die-villa.at\/wp-content\/uploads\/2026\/01\/04-300x210.jpg 300w, https:\/\/die-villa.at\/wp-content\/uploads\/2026\/01\/04-768x538.jpg 768w\" sizes=\"(max-width: 800px) 100vw, 800px\" \/>\t\t\t\t\t\t\t\t\t\t\t\t\t\t\t<\/div>\n\t\t\t\t<div class=\"elementor-element elementor-element-8f100ff elementor-widget__width-initial elementor-widget-mobile__width-inherit elementor-widget elementor-widget-image-box\" data-id=\"8f100ff\" data-element_type=\"widget\" data-e-type=\"widget\" data-widget_type=\"image-box.default\">\n\t\t\t\t\t<div class=\"elementor-image-box-wrapper\"><div class=\"elementor-image-box-content\"><div class=\"elementor-image-box-title\">Alpsee<\/div><p class=\"elementor-image-box-description\">Der Alpsee in Hohenschwangau ist einer der sch\u00f6nsten Seen in Umgebung und war der Lieblingssee von K\u00f6nig Ludwig II. Er ist ca. 5km von unserem Ferienhaus entfernt und liegt unterhalb vom Schloss Hohenschwangau. Wir empfehlen den Bootsverleih. Dort k\u00f6nnen Sie sich Tretboote mieten und selbst das Ruder in die Hand nehmen oder sich gem\u00fctlich treiben lassen. Link\n\n<\/p><\/div><\/div>\t\t\t\t<\/div>\n\t\t\t\t<\/div>\n\t\t<div class=\"elementor-element elementor-element-e75638a e-con-full e-flex e-con e-child\" data-id=\"e75638a\" data-element_type=\"container\" data-e-type=\"container\">\n\t\t\t\t<div class=\"elementor-element elementor-element-351870f elementor-widget__width-initial elementor-widget-mobile__width-inherit elementor-widget elementor-widget-image\" data-id=\"351870f\" data-element_type=\"widget\" data-e-type=\"widget\" data-widget_type=\"image.default\">\n\t\t\t\t\t\t\t\t\t\t\t\t\t\t\t<img loading=\"lazy\" decoding=\"async\" width=\"800\" height=\"560\" src=\"https:\/\/die-villa.at\/wp-content\/uploads\/2026\/01\/02-3.jpg\" class=\"attachment-large size-large wp-image-449\" alt=\"\" srcset=\"https:\/\/die-villa.at\/wp-content\/uploads\/2026\/01\/02-3.jpg 900w, https:\/\/die-villa.at\/wp-content\/uploads\/2026\/01\/02-3-300x210.jpg 300w, https:\/\/die-villa.at\/wp-content\/uploads\/2026\/01\/02-3-768x538.jpg 768w\" sizes=\"(max-width: 800px) 100vw, 800px\" \/>\t\t\t\t\t\t\t\t\t\t\t\t\t\t\t<\/div>\n\t\t\t\t<div class=\"elementor-element elementor-element-a60712e elementor-widget__width-initial elementor-widget-mobile__width-inherit elementor-widget elementor-widget-image-box\" data-id=\"a60712e\" data-element_type=\"widget\" data-e-type=\"widget\" data-widget_type=\"image-box.default\">\n\t\t\t\t\t<div class=\"elementor-image-box-wrapper\"><div class=\"elementor-image-box-content\"><div class=\"elementor-image-box-title\">Wei\u00dfensee<\/div><p class=\"elementor-image-box-description\">Der 2,4km lange, fast 600m breite und ca 25m tiefe See z\u00e4hlt zu den saubersten Seen des Allg\u00e4us und wird im Sommer intensiv als Badesee genutzt. Der besonders f\u00fcr Familien geeignete Badeort bietet einen Bootsverleih, einen Kiosk und einen Eltern-Kind-Bereich mit einem Spielplatz. Der Wei\u00dfensee ist ca. 6km von unserem Ferienhaus entfernt. Link \n\n<\/p><\/div><\/div>\t\t\t\t<\/div>\n\t\t\t\t<\/div>\n\t\t\t\t<\/div>\n\t\t\t\t\t<\/div>\n\t\t\t\t<\/div>\n\t\t\t\t<\/div>","protected":false},"excerpt":{"rendered":"<p>Umgebung In traumhafter Umgebung, gelegen am Naturschutzgebiet &#8220;Tiroler Lech&#8221;, befindet sich der Ort &#8220;Pinswang&#8221; in Tirol. Die einmalige Lage im Grenzgebiet zu F\u00fcssen und Pfronten auf deutscher Seite und Reutte, Tannheimertal, Lechtal auf \u00f6sterreichischer Seite l\u00e4dt zu vielen Freizeitaktivit\u00e4ten ein. Vom Erlebnisurlaub in den Tiroler Bergen, Natururlaub an den Lechauen, Aktivurlaub im Sommer und Winter [&hellip;]<\/p>\n","protected":false},"author":2,"featured_media":0,"parent":0,"menu_order":0,"comment_status":"closed","ping_status":"closed","template":"elementor_header_footer","meta":{"footnotes":""},"class_list":["post-400","page","type-page","status-publish","hentry"],"_links":{"self":[{"href":"https:\/\/die-villa.at\/en\/wp-json\/wp\/v2\/pages\/400","targetHints":{"allow":["GET"]}}],"collection":[{"href":"https:\/\/die-villa.at\/en\/wp-json\/wp\/v2\/pages"}],"about":[{"href":"https:\/\/die-villa.at\/en\/wp-json\/wp\/v2\/types\/page"}],"author":[{"embeddable":true,"href":"https:\/\/die-villa.at\/en\/wp-json\/wp\/v2\/users\/2"}],"replies":[{"embeddable":true,"href":"https:\/\/die-villa.at\/en\/wp-json\/wp\/v2\/comments?post=400"}],"version-history":[{"count":10,"href":"https:\/\/die-villa.at\/en\/wp-json\/wp\/v2\/pages\/400\/revisions"}],"predecessor-version":[{"id":653,"href":"https:\/\/die-villa.at\/en\/wp-json\/wp\/v2\/pages\/400\/revisions\/653"}],"wp:attachment":[{"href":"https:\/\/die-villa.at\/en\/wp-json\/wp\/v2\/media?parent=400"}],"curies":[{"name":"wp","href":"https:\/\/api.w.org\/{rel}","templated":true}]}}