{"id":211,"date":"2026-01-15T06:32:54","date_gmt":"2026-01-15T06:32:54","guid":{"rendered":"https:\/\/die-villa.at\/?page_id=211"},"modified":"2026-04-07T21:53:01","modified_gmt":"2026-04-07T19:53:01","slug":"konzerte-termine","status":"publish","type":"page","link":"https:\/\/die-villa.at\/en\/konzerte-termine\/","title":{"rendered":"Konzerte Termine"},"content":{"rendered":"<div data-elementor-type=\"wp-page\" data-elementor-id=\"211\" class=\"elementor elementor-211\" data-elementor-post-type=\"page\">\n\t\t\t\t<div class=\"elementor-element elementor-element-6f80f73 e-flex e-con-boxed e-con e-parent\" data-id=\"6f80f73\" data-element_type=\"container\" data-e-type=\"container\" data-settings=\"{&quot;background_background&quot;:&quot;classic&quot;}\">\n\t\t\t\t\t<div class=\"e-con-inner\">\n\t\t\t\t<div class=\"elementor-element elementor-element-c0c06cb elementor-pagination-position-inside elementor-skin-carousel elementor-arrows-yes elementor-pagination-type-bullets elementor-invisible elementor-widget elementor-widget-media-carousel\" data-id=\"c0c06cb\" data-element_type=\"widget\" data-e-type=\"widget\" data-settings=\"{&quot;effect&quot;:&quot;fade&quot;,&quot;_animation&quot;:&quot;fadeIn&quot;,&quot;skin&quot;:&quot;carousel&quot;,&quot;show_arrows&quot;:&quot;yes&quot;,&quot;pagination&quot;:&quot;bullets&quot;,&quot;speed&quot;:500,&quot;autoplay&quot;:&quot;yes&quot;,&quot;autoplay_speed&quot;:5000,&quot;loop&quot;:&quot;yes&quot;,&quot;pause_on_hover&quot;:&quot;yes&quot;,&quot;pause_on_interaction&quot;:&quot;yes&quot;,&quot;space_between&quot;:{&quot;unit&quot;:&quot;px&quot;,&quot;size&quot;:10,&quot;sizes&quot;:[]},&quot;space_between_tablet&quot;:{&quot;unit&quot;:&quot;px&quot;,&quot;size&quot;:10,&quot;sizes&quot;:[]},&quot;space_between_mobile&quot;:{&quot;unit&quot;:&quot;px&quot;,&quot;size&quot;:10,&quot;sizes&quot;:[]}}\" data-widget_type=\"media-carousel.default\">\n\t\t\t\t\t\t\t\t\t\t<div class=\"elementor-main-swiper swiper\" role=\"region\" aria-roledescription=\"carousel\" aria-label=\"Slides\">\n\t\t\t\t<div class=\"swiper-wrapper\">\n\t\t\t\t\t\t\t\t\t\t\t<div class=\"swiper-slide\" role=\"group\" aria-roledescription=\"slide\">\n\t\t\t\t\t\t\t\t\t<div class=\"elementor-carousel-image\" role=\"img\" aria-label=\"01\" style=\"background-image: url(&#039;https:\/\/die-villa.at\/wp-content\/uploads\/2026\/01\/01-3.jpg&#039;)\">\n\n\t\t\t\n\t\t\t\t\t<\/div>\n\t\t\t\t\t\t\t\t<\/div>\n\t\t\t\t\t\t\t\t\t<\/div>\n\t\t\t\t\t\t\t<\/div>\n\t\t\t\t\t\t\t\t<\/div>\n\t\t\t\t\t<\/div>\n\t\t\t\t<\/div>\n\t\t<div class=\"elementor-element elementor-element-0e4b760 elementor-hidden-desktop elementor-hidden-tablet elementor-hidden-mobile e-flex e-con-boxed e-con e-parent\" data-id=\"0e4b760\" data-element_type=\"container\" data-e-type=\"container\">\n\t\t\t\t\t<div class=\"e-con-inner\">\n\t\t<div class=\"elementor-element elementor-element-216c767 e-con-full elementor-hidden-mobile e-flex e-con e-child\" data-id=\"216c767\" data-element_type=\"container\" data-e-type=\"container\">\n\t\t\t\t<div class=\"elementor-element elementor-element-5f9be53 elementor-hidden-mobile elementor-widget elementor-widget-template\" data-id=\"5f9be53\" data-element_type=\"widget\" data-e-type=\"widget\" data-widget_type=\"template.default\">\n\t\t\t\t<div class=\"elementor-widget-container\">\n\t\t\t\t\t\t\t<div class=\"elementor-template\">\n\t\t\t\t\t<div data-elementor-type=\"section\" data-elementor-id=\"607\" class=\"elementor elementor-607\" data-elementor-post-type=\"elementor_library\">\n\t\t\t<div class=\"elementor-element elementor-element-6ff4155 e-con-full e-flex e-con e-child\" data-id=\"6ff4155\" data-element_type=\"container\" data-e-type=\"container\">\n\t\t\t\t<div class=\"elementor-element elementor-element-fac6851 elementor-widget elementor-widget-heading\" data-id=\"fac6851\" data-element_type=\"widget\" data-e-type=\"widget\" data-widget_type=\"heading.default\">\n\t\t\t\t\t<h2 class=\"elementor-heading-title elementor-size-default\">Dates (Theater)\n<\/h2>\t\t\t\t<\/div>\n\t\t\t\t<div class=\"elementor-element elementor-element-36ddcca elementor-icon-list--layout-traditional elementor-list-item-link-full_width elementor-widget elementor-widget-icon-list\" data-id=\"36ddcca\" data-element_type=\"widget\" data-e-type=\"widget\" data-widget_type=\"icon-list.default\">\n\t\t\t\t\t\t\t<ul class=\"elementor-icon-list-items\">\n\t\t\t\t\t\t\t<li class=\"elementor-icon-list-item\">\n\t\t\t\t\t\t\t\t\t\t\t<span class=\"elementor-icon-list-icon\">\n\t\t\t\t\t\t\t<svg aria-hidden=\"true\" class=\"e-font-icon-svg e-fas-chevron-right\" viewbox=\"0 0 320 512\" xmlns=\"http:\/\/www.w3.org\/2000\/svg\"><path d=\"M285.476 272.971L91.132 467.314c-9.373 9.373-24.569 9.373-33.941 0l-22.667-22.667c-9.357-9.357-9.375-24.522-.04-33.901L188.505 256 34.484 101.255c-9.335-9.379-9.317-24.544.04-33.901l22.667-22.667c9.373-9.373 24.569-9.373 33.941 0L285.475 239.03c9.373 9.372 9.373 24.568.001 33.941z\"><\/path><\/svg>\t\t\t\t\t\t<\/span>\n\t\t\t\t\t\t\t\t\t\t<span class=\"elementor-icon-list-text\">Terror - Staircase Theater<\/span>\n\t\t\t\t\t\t\t\t\t<\/li>\n\t\t\t\t\t\t<\/ul>\n\t\t\t\t\t\t<\/div>\n\t\t\t\t<div class=\"elementor-element elementor-element-17bc3a3 elementor-widget elementor-widget-text-editor\" data-id=\"17bc3a3\" data-element_type=\"widget\" data-e-type=\"widget\" data-widget_type=\"text-editor.default\">\n\t\t\t\t\t\t\t\t\t<p>Friday, March 01, 2024<br \/>Saturday, March 02, 2024<br \/>Friday, March 08, 2024<br \/>Saturday, March 09, 2024<br \/>Sunday, March 10, 2024<\/p>\t\t\t\t\t\t\t\t<\/div>\n\t\t\t\t<div class=\"elementor-element elementor-element-46acf69 elementor-icon-list--layout-traditional elementor-list-item-link-full_width elementor-widget elementor-widget-icon-list\" data-id=\"46acf69\" data-element_type=\"widget\" data-e-type=\"widget\" data-widget_type=\"icon-list.default\">\n\t\t\t\t\t\t\t<ul class=\"elementor-icon-list-items\">\n\t\t\t\t\t\t\t<li class=\"elementor-icon-list-item\">\n\t\t\t\t\t\t\t\t\t\t\t<a href=\"https:\/\/die-villa.at\/en\/konzerte-termine\/\">\n\n\t\t\t\t\t\t\t\t\t\t\t\t<span class=\"elementor-icon-list-icon\">\n\t\t\t\t\t\t\t<svg aria-hidden=\"true\" class=\"e-font-icon-svg e-fas-chevron-right\" viewbox=\"0 0 320 512\" xmlns=\"http:\/\/www.w3.org\/2000\/svg\"><path d=\"M285.476 272.971L91.132 467.314c-9.373 9.373-24.569 9.373-33.941 0l-22.667-22.667c-9.357-9.357-9.375-24.522-.04-33.901L188.505 256 34.484 101.255c-9.335-9.379-9.317-24.544.04-33.901l22.667-22.667c9.373-9.373 24.569-9.373 33.941 0L285.475 239.03c9.373 9.372 9.373 24.568.001 33.941z\"><\/path><\/svg>\t\t\t\t\t\t<\/span>\n\t\t\t\t\t\t\t\t\t\t<span class=\"elementor-icon-list-text\">more...<\/span>\n\t\t\t\t\t\t\t\t\t\t\t<\/a>\n\t\t\t\t\t\t\t\t\t<\/li>\n\t\t\t\t\t\t<\/ul>\n\t\t\t\t\t\t<\/div>\n\t\t\t\t<\/div>\n\t\t\t\t<\/div>\n\t\t\t\t<\/div>\n\t\t\t\t\t\t<\/div>\n\t\t\t\t<\/div>\n\t\t\t\t<\/div>\n\t\t<div class=\"elementor-element elementor-element-57bc295 e-con-full e-flex e-con e-child\" data-id=\"57bc295\" data-element_type=\"container\" data-e-type=\"container\">\n\t\t\t\t<div class=\"elementor-element elementor-element-0ab269f elementor-widget elementor-widget-heading\" data-id=\"0ab269f\" data-element_type=\"widget\" data-e-type=\"widget\" data-widget_type=\"heading.default\">\n\t\t\t\t\t<h2 class=\"elementor-heading-title elementor-size-default\">TREPPENHAUSTHEATER - Ferdinand von Schirachs Drama \"Terror\"\n<\/h2>\t\t\t\t<\/div>\n\t\t\t\t<div class=\"elementor-element elementor-element-beffa98 elementor-widget elementor-widget-text-editor\" data-id=\"beffa98\" data-element_type=\"widget\" data-e-type=\"widget\" data-widget_type=\"text-editor.default\">\n\t\t\t\t\t\t\t\t\t<p><iframe id=\"eventim-light-iframe-v2-65c214302ad4bd4ff5923c1c\" style=\"overflow: hidden; height: 409px;\" src=\"https:\/\/www.eventim-light.com\/at\/a\/65c214302ad4bd4ff5923c1c\/iframe\/\" name=\"eventim-light-iframe-v2-65c214302ad4bd4ff5923c1c\" width=\"100%\" height=\"240\" frameborder=\"0\" scrolling=\"no\" data-scroll=\"true\" data-scroll-offset-y=\"0\"><\/iframe><\/p>\t\t\t\t\t\t\t\t<\/div>\n\t\t\t\t<div class=\"elementor-element elementor-element-263e96b elementor-widget elementor-widget-heading\" data-id=\"263e96b\" data-element_type=\"widget\" data-e-type=\"widget\" data-widget_type=\"heading.default\">\n\t\t\t\t\t<h2 class=\"elementor-heading-title elementor-size-default\">Beginn 19:30 Uhr, Einlass ab 18:45 Uhr\n<\/h2>\t\t\t\t<\/div>\n\t\t\t\t<div class=\"elementor-element elementor-element-6af483c elementor-widget elementor-widget-text-editor\" data-id=\"6af483c\" data-element_type=\"widget\" data-e-type=\"widget\" data-widget_type=\"text-editor.default\">\n\t\t\t\t\t\t\t\t\t<p class=\"\" data-ninja-font=\"arial_regular_normal_qxjpy\">Tickets sind entweder online \u00fcber den unten stehenden Link, oder an allen\u00a0<strong><a class=\"\" href=\"https:\/\/www.oeticket.com\/help\/outlets\/\" data-ninja-font=\"arial_semibold_normal_qxjpy\" rel=\"nofollow noopener\" target=\"_blank\">\u00d6-ticket Vorverkaufsstellen<\/a><\/strong>\u00a0erh\u00e4ltlich. Es gibt vor Ort keine Abendkasse!<\/p><p class=\"\" data-ninja-font=\"arial_regular_normal_qxjpy\">Sollten im oberen Verkaufsfeld Termine als &#8220;<strong><span class=\"\" data-ninja-font=\"arial_semibold_normal_qxjpy\">Nicht verf\u00fcgbar<\/span><\/strong>&#8221; angezeigt werden, so ist die Veranstaltung an dem Tag\u00a0<strong><span class=\"\" data-ninja-font=\"arial_semibold_normal_qxjpy\">ausverkauft<\/span><\/strong>. Bitte weichen Sie entsprechend auf noch verf\u00fcgbare Termine aus!<\/p><p class=\"\" data-ninja-font=\"arial_regular_normal_qxjpy\">online: \u20ac17,- erm\u00e4\u00dfigt \u20ac13,-<br \/>Vorverkaufsstelle: \u20ac18,62 erm\u00e4\u00dfigt \u20ac14,24<\/p><p class=\"\" data-ninja-font=\"arial_regular_normal_qxjpy\">Der erm\u00e4\u00dfigte Tarif ist f\u00fcr Sch\u00fcler\/innen und Stundent\/innen. Bitte vor Ort entsprechend Sch\u00fclerausweis oder Studentenausweis vorzeigen!<\/p><p class=\"\" data-ninja-font=\"arial_regular_normal_qxjpy\">Es gilt freie Platzwahl!<\/p><p class=\"\" data-ninja-font=\"arial_regular_normal_qxjpy\">Vor der Villa stehen\u00a0<span class=\"\" data-ninja-font=\"arial_regular_normal_qxjpy\">keine<\/span>\u00a0Parkpl\u00e4tze zur Verf\u00fcgung! Bitte verwenden Sie den gegen\u00fcberliegenden Parkplatz unterhalb der Kirche!<\/p>\t\t\t\t\t\t\t\t<\/div>\n\t\t\t\t<div class=\"elementor-element elementor-element-54d0d21 elementor-widget elementor-widget-heading\" data-id=\"54d0d21\" data-element_type=\"widget\" data-e-type=\"widget\" data-widget_type=\"heading.default\">\n\t\t\t\t\t<h2 class=\"elementor-heading-title elementor-size-default\">Beschreibung:\n<\/h2>\t\t\t\t<\/div>\n\t\t\t\t<div class=\"elementor-element elementor-element-ebe9b7b elementor-widget elementor-widget-text-editor\" data-id=\"ebe9b7b\" data-element_type=\"widget\" data-e-type=\"widget\" data-widget_type=\"text-editor.default\">\n\t\t\t\t\t\t\t\t\t<h6><strong>Das &#8220;Treppenhaustheater&#8221; f\u00fchrt in der Villa f\u00fcnf Mal das Theaterst\u00fcck &#8220;Terror&#8221; auf.<\/strong><strong class=\"\" data-ninja-font=\"arial_semibold_normal_qxjpy\"><br \/><\/strong><\/h6><p class=\"\" data-ninja-font=\"arial_regular_normal_qxjpy\">In Ferdinand von Schirachs Drama &#8220;Terror&#8221; geht es um eine fiktive Gerichtsverhandlung. Vor einem Schwurgericht steht der Abschuss eines Passagierflugzeugs durch einen Kampfpiloten* der Luftwaffe kurz vor M\u00fcnchen zur Verhandlung. Ein Terrorist hatte ein Passagierflugzeug mit 164 Menschen an Bord auf dem Flug von Berlin nach M\u00fcnchen entf\u00fchrt. Er wollte es in die bei einem L\u00e4nderspiel ausverkaufte Allianz-Arena in M\u00fcnchen st\u00fcrzen lassen, um so 70.000 Menschen zu t\u00f6ten. Als das Flugzeug nur noch wenige Flugminuten vom Stadion entfernt war, entschied sich der Rottenf\u00fchrer der Alarmrotte, das Flugzeug eigenm\u00e4chtig mit einer Luft-Luft-Lenkflug-rakete abzuschie\u00dfen, um damit die Leben der Menschen im Stadion zu retten. Alle 164 Passagiere der Lufthansa-Maschine kommen beim Absturz \u00fcber einem Kartoffelfeld ums Leben.<br \/><br \/>Als Zeuge ist ein Stabsoffizier aus dem Luftwaffen-F\u00fchrungszentrum, in dem der gesamte Luftraum Deutschlands \u00fcberwacht wird, geladen. Er berichtet vom Funkverkehr mit dem Angeklagten und auch davon, dass ausdr\u00fccklich kein Schie\u00dfbefehl gegeben wurde. Er beantwortet eine Reihe von technischen und einsatztaktischen Fragen und informiert auch \u00fcber sonstige Entscheidungen im Hintergrund, wie beispielsweise auf Frage der Staatsanw\u00e4ltin, dass es keinen Versuch gab, das Stadion in M\u00fcnchen r\u00e4umen zu lassen.<br \/><br \/>Als Nebenkl\u00e4gerin erscheint die Ehefrau eines der get\u00f6teten Passagiere und wirft dem Angeklagten Mord vor. Sie hatte von ihrem Mann aus dem entf\u00fchrten Flugzeug eine SMS-Nachricht erhalten, dass Passagiere versuchen, in das Cockpit zu gelangen. Von ihrem Mann wurde nur ein Schuh gefunden. Der Sarg, der beerdigt wurde, war leer.<br \/><br \/>Danach folgen die Pl\u00e4doyers der Staatsanw\u00e4ltin und des Verteidigers.<\/p><p><em class=\"\" data-ninja-font=\"arial_regular_italic_qxjpy\">*In unserer Inszenierung wird diese Rolle im Wechsel von einer Darstellerin als Kampfpilotin gespielt.<\/em><\/p><h6><strong class=\"\" data-ninja-font=\"arial_semibold_normal_qxjpy\">Der Autor:<\/strong><\/h6><p class=\"\" data-ninja-font=\"arial_regular_normal_qxjpy\">Ferdinand Benedikt von Schirach ist ein deutscher Schriftsteller und Jurist. Er wurde 1964 in M\u00fcnchen geboren. Bekannt wurde er auch als Strafverteidiger in den Berliner Mauersch\u00fctzenprozessen von 1991 bis 2004.<br \/><br \/>Von Schirach ist Enkel des NS-Reichsjugendf\u00fchrers Baldur von Schirach und dessen Ehefrau Henriette von Schirach. Sein Urgro\u00dfvater war der Hitler-Fotograf Heinrich Hoffmann. Schirachs Mutter Elke ist eine Enkelin des Trossinger Unternehmers und NSDAP-Politikers Fritz Kiehn.<br \/><br \/>Schirach wuchs bis zum Alter von vier Jahren in M\u00fcnchen auf. Danach verbrachte er seine Kindheit auf dem Anwesen des Unternehmers Fritz Kiehn, seines Urgro\u00dfvaters m\u00fctterlicherseits, in Trossingen. Nach der Scheidung seiner Eltern besuchte er ab dem Alter von zehn Jahren bis zum Abitur 1984 das von Jesuiten gef\u00fchrte Kolleg St. Blasien. Danach trat er aus der Kirche aus und ging zur Bundeswehr.<br \/><br \/>Schirach studierte in Bonn Jura, lie\u00df sich 1994 in Berlin als Rechtsanwalt nieder und spezialisierte sich auf Strafrecht. Im Alter von 45 Jahren ver\u00f6ffentlichte er 2009 seine ersten Kurzgeschichten. Seine B\u00fccher, u.a.\u00a0<em class=\"\" data-ninja-font=\"arial_regular_italic_qxjpy\">Der Fall Collini<\/em>,\u00a0<em class=\"\" data-ninja-font=\"arial_regular_italic_qxjpy\">Tabu<\/em>\u00a0und\u00a0<em class=\"\" data-ninja-font=\"arial_regular_italic_qxjpy\">Schuld<\/em>\u00a0erscheinen in mehr als 40 L\u00e4ndern. Die Gesamtauflage liegt bei \u00fcber zehn Millionen verkauften Exemplaren.<br \/><br \/><em class=\"\" data-ninja-font=\"arial_regular_italic_qxjpy\">Der Spiegel<\/em>\u00a0nannte Ferdinand von Schirach einen &#8220;gro\u00dfartigen Erz\u00e4hler&#8221;, die\u00a0<em class=\"\" data-ninja-font=\"arial_regular_italic_qxjpy\">New York Times<\/em>\u00a0einen &#8220;au\u00dfergew\u00f6hnlichen Stilisten&#8221;, der\u00a0<em class=\"\" data-ninja-font=\"arial_regular_italic_qxjpy\">Independent<\/em>\u00a0verglich ihn mit Kafka und Kleist und der\u00a0<em class=\"\" data-ninja-font=\"arial_regular_italic_qxjpy\">Daily Telegraph<\/em>\u00a0schrieb, er sei &#8220;eine der markantesten Stimmen der europ\u00e4ischen Literatur&#8221;.<br \/><br \/>Ferdinand von Schirach wurde vielfach mit Literaturpreisen ausgezeichnet. Er lebt in Berlin.<br \/><br \/>Uraufgef\u00fchrt wurde Terror am 3. Oktober 2015 am Deutschen Theater Berlin. Unter dem Titel\u00a0<em class=\"\" data-ninja-font=\"arial_regular_italic_qxjpy\">Terror \u2013 Ihr Urteil<\/em>\u00a0wurde das St\u00fcck am 17. Oktober 2016 als Film erstmals im Abendprogramm der ARD und zeitgleich im ORF und dem SRF ausgestrahlt.<\/p><h6><strong class=\"\" data-ninja-font=\"arial_semibold_normal_qxjpy\">Die Darsteller:<\/strong><\/h6><p class=\"\" data-ninja-font=\"arial_regular_normal_qxjpy\">Claudia Spindler als Vorsitzende Richterin<br \/>Eva-Maria K\u00e4rtner als Angeklagte*<br \/>Kurt Jedrzejczyk als Angeklagter**<br \/>Paul Wengert als Rechtsanwalt Biegler<br \/>Lilian Holzammer als Staatsanw\u00e4ltin Nelson<br \/>Michael W\u00f6lfl als Zeuge Christian Lauterbach<br \/>Susanne von Eichmann als Zeugin Franziska Meiser<\/p><p><em class=\"\" data-ninja-font=\"arial_regular_italic_qxjpy\">*in den Vorstellungen vom 2. und 3. M\u00e4rz \/ **in den Vorstellungen vom 8., 9. und 10. M\u00e4rz<\/em><\/p><h6><strong class=\"\" data-ninja-font=\"arial_semibold_normal_qxjpy\">Einstudierung:<\/strong><\/h6><p class=\"\" data-ninja-font=\"arial_regular_normal_qxjpy\">J\u00fcrgen Schulz<\/p><h6><strong class=\"\" data-ninja-font=\"arial_semibold_normal_qxjpy\">Plakatgestaltung:<\/strong><\/h6><p class=\"\" data-ninja-font=\"arial_regular_normal_qxjpy\">Ines Wagner-Schulz<\/p><h6><strong class=\"\" data-ninja-font=\"arial_semibold_normal_qxjpy\">Rechte:<\/strong><\/h6><p class=\"\" data-ninja-font=\"arial_regular_normal_qxjpy\">Die Rechte f\u00fcr die Auff\u00fchrung des St\u00fccks stammen von der Gustav Kiepenheuer B\u00fchnenvertriebs-GmbH Berlin.<\/p><h6><strong class=\"\" data-ninja-font=\"arial_semibold_normal_qxjpy\">Bisherige St\u00fccke vom Treppenhaustheater:<\/strong><\/h6><p class=\"\" data-ninja-font=\"arial_regular_normal_qxjpy\"><em class=\"\" data-ninja-font=\"arial_regular_italic_qxjpy\">Hotel zu den zwei Welten<\/em>\u00a0von Emmanuel Schmidt (2014)<br \/><em class=\"\" data-ninja-font=\"arial_regular_italic_qxjpy\">Die Troerinnen<\/em>\u00a0von Euripides (2016\/2017)<br \/><em class=\"\" data-ninja-font=\"arial_regular_italic_qxjpy\">Der gro\u00dfe Bl\u00f6ff\/Entfernte Kusinen<\/em>\u00a0von Felicia Zeller (2020)<\/p>\t\t\t\t\t\t\t\t<\/div>\n\t\t\t\t<\/div>\n\t\t<div class=\"elementor-element elementor-element-547299b e-con-full e-flex e-con e-child\" data-id=\"547299b\" data-element_type=\"container\" data-e-type=\"container\">\n\t\t\t\t<div class=\"elementor-element elementor-element-1882822 elementor-widget elementor-widget-heading\" data-id=\"1882822\" data-element_type=\"widget\" data-e-type=\"widget\" data-widget_type=\"heading.default\">\n\t\t\t\t\t<h2 class=\"elementor-heading-title elementor-size-default\">Dates\n<\/h2>\t\t\t\t<\/div>\n\t\t\t\t<div class=\"elementor-element elementor-element-27999bc elementor-widget elementor-widget-image\" data-id=\"27999bc\" data-element_type=\"widget\" data-e-type=\"widget\" data-widget_type=\"image.default\">\n\t\t\t\t\t\t\t\t\t\t\t\t\t\t\t<img fetchpriority=\"high\" decoding=\"async\" width=\"500\" height=\"400\" src=\"https:\/\/die-villa.at\/wp-content\/uploads\/2026\/01\/Home_Website.jpg\" class=\"attachment-large size-large wp-image-77\" alt=\"\" srcset=\"https:\/\/die-villa.at\/wp-content\/uploads\/2026\/01\/Home_Website.jpg 500w, https:\/\/die-villa.at\/wp-content\/uploads\/2026\/01\/Home_Website-300x240.jpg 300w\" sizes=\"(max-width: 500px) 100vw, 500px\" \/>\t\t\t\t\t\t\t\t\t\t\t\t\t\t\t<\/div>\n\t\t\t\t<\/div>\n\t\t\t\t\t<\/div>\n\t\t\t\t<\/div>\n\t\t\t\t<\/div>","protected":false},"excerpt":{"rendered":"<p>TREPPENHAUSTHEATER &#8211; Ferdinand von Schirachs Drama &#8220;Terror&#8221; Beginn 19:30 Uhr, Einlass ab 18:45 Uhr Tickets sind entweder online \u00fcber den unten stehenden Link, oder an allen\u00a0\u00d6-ticket Vorverkaufsstellen\u00a0erh\u00e4ltlich. Es gibt vor Ort keine Abendkasse! Sollten im oberen Verkaufsfeld Termine als &#8220;Nicht verf\u00fcgbar&#8221; angezeigt werden, so ist die Veranstaltung an dem Tag\u00a0ausverkauft. Bitte weichen Sie entsprechend auf [&hellip;]<\/p>\n","protected":false},"author":2,"featured_media":0,"parent":0,"menu_order":0,"comment_status":"closed","ping_status":"closed","template":"elementor_header_footer","meta":{"footnotes":""},"class_list":["post-211","page","type-page","status-publish","hentry"],"_links":{"self":[{"href":"https:\/\/die-villa.at\/en\/wp-json\/wp\/v2\/pages\/211","targetHints":{"allow":["GET"]}}],"collection":[{"href":"https:\/\/die-villa.at\/en\/wp-json\/wp\/v2\/pages"}],"about":[{"href":"https:\/\/die-villa.at\/en\/wp-json\/wp\/v2\/types\/page"}],"author":[{"embeddable":true,"href":"https:\/\/die-villa.at\/en\/wp-json\/wp\/v2\/users\/2"}],"replies":[{"embeddable":true,"href":"https:\/\/die-villa.at\/en\/wp-json\/wp\/v2\/comments?post=211"}],"version-history":[{"count":10,"href":"https:\/\/die-villa.at\/en\/wp-json\/wp\/v2\/pages\/211\/revisions"}],"predecessor-version":[{"id":730,"href":"https:\/\/die-villa.at\/en\/wp-json\/wp\/v2\/pages\/211\/revisions\/730"}],"wp:attachment":[{"href":"https:\/\/die-villa.at\/en\/wp-json\/wp\/v2\/media?parent=211"}],"curies":[{"name":"wp","href":"https:\/\/api.w.org\/{rel}","templated":true}]}}